{"id":967,"date":"2019-03-27T13:47:59","date_gmt":"2019-03-27T12:47:59","guid":{"rendered":"http:\/\/www.masdelabolp.it\/mas-de-la-bolp\/"},"modified":"2020-04-04T21:44:11","modified_gmt":"2020-04-04T19:44:11","slug":"mas-de-la-bolp","status":"publish","type":"page","link":"https:\/\/www.masdelabolp.it\/de\/mas-de-la-bolp\/","title":{"rendered":"Mas de la Bolp"},"content":{"rendered":"<div class=\"wpb-content-wrapper\"><p>[vc_row][vc_column][vc_single_image image=&#8220;1021&#8243; img_size=&#8220;full&#8220; alignment=&#8220;center&#8220; style=&#8220;vc_box_shadow_3d&#8220; onclick=&#8220;link_image&#8220;][\/vc_column][\/vc_row][vc_row css=&#8220;.vc_custom_1547817466497{margin-top: 50px !important;margin-bottom: 50px !important;}&#8220;][vc_column width=&#8220;1\/3&#8243;][vc_column_text]<\/p>\n<h2>Mas De La Bolp<\/h2>\n<h4>Mountain Chalet im Val di Rabbi<\/h4>\n<p>[\/vc_column_text][\/vc_column][vc_column width=&#8220;2\/3&#8243;][vc_column_text]Das <strong>Mas de la Bolp<\/strong> ist unser Chalet im Val di Rabbi, in 1150 m H\u00f6he.<\/p>\n<p>Das Chalet befindet sich in einer offenen Panoramalage, am \u00dcbergang zwischen Wiesen und Wald.<\/p>\n<p>Das herrliche Val di Valorz und sein Amphitheater aus Wasserf\u00e4llen und L\u00e4rchen, von gro\u00dfem landschaftlichen Wert, bilden die nat\u00fcrliche Kulisse.<br \/>\nBei der Renovierung der Almh\u00fctte haben wir besonders auf die Umweltvertr\u00e4glichkeit geachtet, indem wir als Baustoffe Schiefersteine und L\u00e4rchenholz aus den umliegenden Bergen verwendet haben. Auch die Beheizung und Warmwasserversorgung erfolgen durch Verbrennung des Holzes aus den umliegenden W\u00e4ldern im Hochleistungskessel.<br \/>\nDas Chalet verf\u00fcgt \u00fcber 14 Schlafpl\u00e4tze und ist ein\u00a0<strong>Esercizio Rurale del Trentino<\/strong> (ein l\u00e4ndlicher Betrieb des Trentino).<\/p>\n<p>Das Chalet ist folgenderma\u00dfen strukturiert:<\/p>\n<ul>\n<li><strong>Mansardenwohnung Giglio Rosso<\/strong> \u00a0\u2013 Vierzimmerwohnung im zweiten Stock \u2013 6\/8 G\u00e4ste<\/li>\n<li><strong>Anemone<\/strong>\u00a0\u2013 Dreizimmerwohnung im ersten Stock \u2013 4 G\u00e4ste<\/li>\n<li><strong>Genzianella<\/strong>\u00a0\u2013 Dreizimmerwohnung im ersten Stock \u2013 4 G\u00e4ste<\/li>\n<\/ul>\n<p>Alle Wohnungen verf\u00fcgen \u00fcber einen eigenen Eingang, ein leistungsstarkes W-Lan, Smart TV, Sp\u00fclmaschine und Mikrowellenofen.<\/p>\n<p>Vervollst\u00e4ndigt wird das Chalet durch:<\/p>\n<ul>\n<li>die <strong>\u201eStua\u201d<\/strong> (Stube) im Erdgeschoss, f\u00fcr Tagungen im kleinen Rahmen, Zwischenmahlzeiten, Fr\u00fchst\u00fcck, Abendessen, Abende unter Freunden und all Ihre Momente zum fr\u00f6hlichen Beisammensein (nach Voranmeldung),<\/li>\n<li>einen beheizten Abstellraum f\u00fcr Skier oder andere Sportger\u00e4te, sowie eine Waschk\u00fcche im Erdgeschoss.<\/li>\n<\/ul>\n<p>Wir weisen darauf hin, dass die letzten 200 Meter, um zum Chalet zu gelangen, \u00fcber eine steile Asphaltstra\u00dfe f\u00fchren. Im Falle gelegentlich auftretender starker Schneef\u00e4lle m\u00fcssen die Autos etwa 200 m vom Chalet entfernt geparkt werden. Es steht ein kostenloser Gep\u00e4cktransport zur Verf\u00fcgung. Im Winter empfehlen wir Winterausr\u00fcstung f\u00fcr ihr Auto, oder besser noch Allradantrieb und Arktik-Diesel.<\/p>\n<p>Ganz besonders geeignet f\u00fcr Paare, Familien, Gruppen von Freunden und Wanderer.<br \/>\nVerf\u00fcgbar f\u00fcr kleinere Meetings und Tagungen.[\/vc_column_text][\/vc_column][\/vc_row][vc_row full_width=&#8220;stretch_row&#8220; css=&#8220;.vc_custom_1553845236702{margin-top: 50px !important;margin-bottom: 50px !important;}&#8220;][vc_column][vc_column_text]\n\t\t<style type=\"text\/css\">\n\t\t\t#gallery-1 {\n\t\t\t\tmargin: auto;\n\t\t\t}\n\t\t\t#gallery-1 .gallery-item {\n\t\t\t\tfloat: left;\n\t\t\t\tmargin-top: 10px;\n\t\t\t\ttext-align: center;\n\t\t\t\twidth: 33%;\n\t\t\t}\n\t\t\t#gallery-1 img {\n\t\t\t\tborder: 2px solid #cfcfcf;\n\t\t\t}\n\t\t\t#gallery-1 .gallery-caption {\n\t\t\t\tmargin-left: 0;\n\t\t\t}\n\t\t\t\/* see gallery_shortcode() in wp-includes\/media.php *\/\n\t\t<\/style>\n\t\t<div id='gallery-1' class='gallery galleryid-967 gallery-columns-3 gallery-size-thumbnail'><dl class='gallery-item'>\n\t\t\t<dt class='gallery-icon landscape'>\n\t\t\t\t<a href='https:\/\/www.masdelabolp.it\/de\/mas-de-la-bolp\/mas-de-la-bolp-mountain-chalet-val-di-rabbi-trentino-112-2\/'><img loading=\"lazy\" decoding=\"async\" width=\"150\" height=\"150\" src=\"https:\/\/www.masdelabolp.it\/wp-content\/uploads\/2020\/04\/Mas-de-la-Bolp-Mountain-Chalet-Val-di-Rabbi-Trentino-112-150x150.jpg\" class=\"attachment-thumbnail size-thumbnail\" alt=\"\" srcset=\"https:\/\/www.masdelabolp.it\/wp-content\/uploads\/2020\/04\/Mas-de-la-Bolp-Mountain-Chalet-Val-di-Rabbi-Trentino-112-150x150.jpg 150w, https:\/\/www.masdelabolp.it\/wp-content\/uploads\/2020\/04\/Mas-de-la-Bolp-Mountain-Chalet-Val-di-Rabbi-Trentino-112-268x268.jpg 268w, https:\/\/www.masdelabolp.it\/wp-content\/uploads\/2020\/04\/Mas-de-la-Bolp-Mountain-Chalet-Val-di-Rabbi-Trentino-112-75x75.jpg 75w, https:\/\/www.masdelabolp.it\/wp-content\/uploads\/2020\/04\/Mas-de-la-Bolp-Mountain-Chalet-Val-di-Rabbi-Trentino-112-80x80.jpg 80w, https:\/\/www.masdelabolp.it\/wp-content\/uploads\/2020\/04\/Mas-de-la-Bolp-Mountain-Chalet-Val-di-Rabbi-Trentino-112-100x100.jpg 100w\" sizes=\"auto, (max-width: 150px) 100vw, 150px\" \/><\/a>\n\t\t\t<\/dt><\/dl><dl class='gallery-item'>\n\t\t\t<dt class='gallery-icon landscape'>\n\t\t\t\t<a href='https:\/\/www.masdelabolp.it\/de\/mas-de-la-bolp\/mas-de-la-bolp-mountain-chalet-val-di-rabbi-trentino-81-2\/'><img loading=\"lazy\" decoding=\"async\" width=\"150\" height=\"150\" src=\"https:\/\/www.masdelabolp.it\/wp-content\/uploads\/2020\/04\/Mas-de-la-Bolp-Mountain-Chalet-Val-di-Rabbi-Trentino-81-150x150.jpg\" class=\"attachment-thumbnail size-thumbnail\" alt=\"\" srcset=\"https:\/\/www.masdelabolp.it\/wp-content\/uploads\/2020\/04\/Mas-de-la-Bolp-Mountain-Chalet-Val-di-Rabbi-Trentino-81-150x150.jpg 150w, https:\/\/www.masdelabolp.it\/wp-content\/uploads\/2020\/04\/Mas-de-la-Bolp-Mountain-Chalet-Val-di-Rabbi-Trentino-81-268x268.jpg 268w, https:\/\/www.masdelabolp.it\/wp-content\/uploads\/2020\/04\/Mas-de-la-Bolp-Mountain-Chalet-Val-di-Rabbi-Trentino-81-75x75.jpg 75w, https:\/\/www.masdelabolp.it\/wp-content\/uploads\/2020\/04\/Mas-de-la-Bolp-Mountain-Chalet-Val-di-Rabbi-Trentino-81-80x80.jpg 80w, https:\/\/www.masdelabolp.it\/wp-content\/uploads\/2020\/04\/Mas-de-la-Bolp-Mountain-Chalet-Val-di-Rabbi-Trentino-81-100x100.jpg 100w\" sizes=\"auto, (max-width: 150px) 100vw, 150px\" \/><\/a>\n\t\t\t<\/dt><\/dl><dl class='gallery-item'>\n\t\t\t<dt class='gallery-icon landscape'>\n\t\t\t\t<a href='https:\/\/www.masdelabolp.it\/de\/mas-de-la-bolp\/mas-de-la-bolp-mountain-chalet-val-di-rabbi-trentino-129-2\/'><img loading=\"lazy\" decoding=\"async\" width=\"150\" height=\"150\" src=\"https:\/\/www.masdelabolp.it\/wp-content\/uploads\/2020\/04\/Mas-de-la-Bolp-Mountain-Chalet-Val-di-Rabbi-Trentino-129-150x150.jpg\" class=\"attachment-thumbnail size-thumbnail\" alt=\"\" srcset=\"https:\/\/www.masdelabolp.it\/wp-content\/uploads\/2020\/04\/Mas-de-la-Bolp-Mountain-Chalet-Val-di-Rabbi-Trentino-129-150x150.jpg 150w, https:\/\/www.masdelabolp.it\/wp-content\/uploads\/2020\/04\/Mas-de-la-Bolp-Mountain-Chalet-Val-di-Rabbi-Trentino-129-268x268.jpg 268w, https:\/\/www.masdelabolp.it\/wp-content\/uploads\/2020\/04\/Mas-de-la-Bolp-Mountain-Chalet-Val-di-Rabbi-Trentino-129-75x75.jpg 75w, https:\/\/www.masdelabolp.it\/wp-content\/uploads\/2020\/04\/Mas-de-la-Bolp-Mountain-Chalet-Val-di-Rabbi-Trentino-129-80x80.jpg 80w, https:\/\/www.masdelabolp.it\/wp-content\/uploads\/2020\/04\/Mas-de-la-Bolp-Mountain-Chalet-Val-di-Rabbi-Trentino-129-100x100.jpg 100w\" sizes=\"auto, (max-width: 150px) 100vw, 150px\" \/><\/a>\n\t\t\t<\/dt><\/dl><br style=\"clear: both\" \/><dl class='gallery-item'>\n\t\t\t<dt class='gallery-icon landscape'>\n\t\t\t\t<a href='https:\/\/www.masdelabolp.it\/de\/mas-de-la-bolp\/mas-de-la-bolp-mountain-chalet-val-di-rabbi-trentino-145-2\/'><img loading=\"lazy\" decoding=\"async\" width=\"150\" height=\"150\" src=\"https:\/\/www.masdelabolp.it\/wp-content\/uploads\/2020\/04\/Mas-de-la-Bolp-Mountain-Chalet-Val-di-Rabbi-Trentino-145-150x150.jpg\" class=\"attachment-thumbnail size-thumbnail\" alt=\"\" srcset=\"https:\/\/www.masdelabolp.it\/wp-content\/uploads\/2020\/04\/Mas-de-la-Bolp-Mountain-Chalet-Val-di-Rabbi-Trentino-145-150x150.jpg 150w, https:\/\/www.masdelabolp.it\/wp-content\/uploads\/2020\/04\/Mas-de-la-Bolp-Mountain-Chalet-Val-di-Rabbi-Trentino-145-268x268.jpg 268w, https:\/\/www.masdelabolp.it\/wp-content\/uploads\/2020\/04\/Mas-de-la-Bolp-Mountain-Chalet-Val-di-Rabbi-Trentino-145-75x75.jpg 75w, https:\/\/www.masdelabolp.it\/wp-content\/uploads\/2020\/04\/Mas-de-la-Bolp-Mountain-Chalet-Val-di-Rabbi-Trentino-145-80x80.jpg 80w, https:\/\/www.masdelabolp.it\/wp-content\/uploads\/2020\/04\/Mas-de-la-Bolp-Mountain-Chalet-Val-di-Rabbi-Trentino-145-100x100.jpg 100w\" sizes=\"auto, (max-width: 150px) 100vw, 150px\" \/><\/a>\n\t\t\t<\/dt><\/dl><dl class='gallery-item'>\n\t\t\t<dt class='gallery-icon landscape'>\n\t\t\t\t<a href='https:\/\/www.masdelabolp.it\/de\/mas-de-la-bolp\/olympus-digital-camera-32-2\/'><img loading=\"lazy\" decoding=\"async\" width=\"150\" height=\"150\" src=\"https:\/\/www.masdelabolp.it\/wp-content\/uploads\/2020\/04\/Mas-de-la-Bolp-Mountain-Chalet-Val-di-Rabbi-Trentino-127-150x150.jpg\" class=\"attachment-thumbnail size-thumbnail\" alt=\"\" srcset=\"https:\/\/www.masdelabolp.it\/wp-content\/uploads\/2020\/04\/Mas-de-la-Bolp-Mountain-Chalet-Val-di-Rabbi-Trentino-127-150x150.jpg 150w, https:\/\/www.masdelabolp.it\/wp-content\/uploads\/2020\/04\/Mas-de-la-Bolp-Mountain-Chalet-Val-di-Rabbi-Trentino-127-268x268.jpg 268w, https:\/\/www.masdelabolp.it\/wp-content\/uploads\/2020\/04\/Mas-de-la-Bolp-Mountain-Chalet-Val-di-Rabbi-Trentino-127-75x75.jpg 75w, https:\/\/www.masdelabolp.it\/wp-content\/uploads\/2020\/04\/Mas-de-la-Bolp-Mountain-Chalet-Val-di-Rabbi-Trentino-127-80x80.jpg 80w, https:\/\/www.masdelabolp.it\/wp-content\/uploads\/2020\/04\/Mas-de-la-Bolp-Mountain-Chalet-Val-di-Rabbi-Trentino-127-100x100.jpg 100w\" sizes=\"auto, (max-width: 150px) 100vw, 150px\" \/><\/a>\n\t\t\t<\/dt><\/dl><dl class='gallery-item'>\n\t\t\t<dt class='gallery-icon landscape'>\n\t\t\t\t<a href='https:\/\/www.masdelabolp.it\/de\/mas-de-la-bolp\/mas-de-la-bolp-mountain-chalet-val-di-rabbi-trentino-90-2\/'><img loading=\"lazy\" decoding=\"async\" width=\"150\" height=\"150\" src=\"https:\/\/www.masdelabolp.it\/wp-content\/uploads\/2020\/04\/Mas-de-la-Bolp-Mountain-Chalet-Val-di-Rabbi-Trentino-90-150x150.jpg\" class=\"attachment-thumbnail size-thumbnail\" alt=\"\" srcset=\"https:\/\/www.masdelabolp.it\/wp-content\/uploads\/2020\/04\/Mas-de-la-Bolp-Mountain-Chalet-Val-di-Rabbi-Trentino-90-150x150.jpg 150w, https:\/\/www.masdelabolp.it\/wp-content\/uploads\/2020\/04\/Mas-de-la-Bolp-Mountain-Chalet-Val-di-Rabbi-Trentino-90-268x268.jpg 268w, https:\/\/www.masdelabolp.it\/wp-content\/uploads\/2020\/04\/Mas-de-la-Bolp-Mountain-Chalet-Val-di-Rabbi-Trentino-90-75x75.jpg 75w, https:\/\/www.masdelabolp.it\/wp-content\/uploads\/2020\/04\/Mas-de-la-Bolp-Mountain-Chalet-Val-di-Rabbi-Trentino-90-80x80.jpg 80w, https:\/\/www.masdelabolp.it\/wp-content\/uploads\/2020\/04\/Mas-de-la-Bolp-Mountain-Chalet-Val-di-Rabbi-Trentino-90-100x100.jpg 100w\" sizes=\"auto, (max-width: 150px) 100vw, 150px\" \/><\/a>\n\t\t\t<\/dt><\/dl><br style=\"clear: both\" \/><dl class='gallery-item'>\n\t\t\t<dt class='gallery-icon landscape'>\n\t\t\t\t<a href='https:\/\/www.masdelabolp.it\/de\/die-ferienwohnungen-allgemeine-informationen\/header-gli-appartamenti1200x600-2\/'><img loading=\"lazy\" decoding=\"async\" width=\"150\" height=\"150\" src=\"https:\/\/www.masdelabolp.it\/wp-content\/uploads\/2019\/11\/Header-gli-appartamenti1200x600-150x150.jpg\" class=\"attachment-thumbnail size-thumbnail\" alt=\"\" srcset=\"https:\/\/www.masdelabolp.it\/wp-content\/uploads\/2019\/11\/Header-gli-appartamenti1200x600-150x150.jpg 150w, https:\/\/www.masdelabolp.it\/wp-content\/uploads\/2019\/11\/Header-gli-appartamenti1200x600-268x268.jpg 268w, https:\/\/www.masdelabolp.it\/wp-content\/uploads\/2019\/11\/Header-gli-appartamenti1200x600-75x75.jpg 75w, https:\/\/www.masdelabolp.it\/wp-content\/uploads\/2019\/11\/Header-gli-appartamenti1200x600-80x80.jpg 80w, https:\/\/www.masdelabolp.it\/wp-content\/uploads\/2019\/11\/Header-gli-appartamenti1200x600-100x100.jpg 100w\" sizes=\"auto, (max-width: 150px) 100vw, 150px\" \/><\/a>\n\t\t\t<\/dt><\/dl><dl class='gallery-item'>\n\t\t\t<dt class='gallery-icon portrait'>\n\t\t\t\t<a href='https:\/\/www.masdelabolp.it\/de\/mas-de-la-bolp\/mas-de-la-bolp-mountain-chalet-val-di-rabbi-trentino-63-2\/'><img loading=\"lazy\" decoding=\"async\" width=\"150\" height=\"150\" src=\"https:\/\/www.masdelabolp.it\/wp-content\/uploads\/2020\/04\/Mas-de-la-Bolp-Mountain-Chalet-Val-di-Rabbi-Trentino-63-150x150.jpg\" class=\"attachment-thumbnail size-thumbnail\" alt=\"\" srcset=\"https:\/\/www.masdelabolp.it\/wp-content\/uploads\/2020\/04\/Mas-de-la-Bolp-Mountain-Chalet-Val-di-Rabbi-Trentino-63-150x150.jpg 150w, https:\/\/www.masdelabolp.it\/wp-content\/uploads\/2020\/04\/Mas-de-la-Bolp-Mountain-Chalet-Val-di-Rabbi-Trentino-63-268x268.jpg 268w, https:\/\/www.masdelabolp.it\/wp-content\/uploads\/2020\/04\/Mas-de-la-Bolp-Mountain-Chalet-Val-di-Rabbi-Trentino-63-75x75.jpg 75w, https:\/\/www.masdelabolp.it\/wp-content\/uploads\/2020\/04\/Mas-de-la-Bolp-Mountain-Chalet-Val-di-Rabbi-Trentino-63-80x80.jpg 80w, https:\/\/www.masdelabolp.it\/wp-content\/uploads\/2020\/04\/Mas-de-la-Bolp-Mountain-Chalet-Val-di-Rabbi-Trentino-63-100x100.jpg 100w\" sizes=\"auto, (max-width: 150px) 100vw, 150px\" \/><\/a>\n\t\t\t<\/dt><\/dl><dl class='gallery-item'>\n\t\t\t<dt class='gallery-icon portrait'>\n\t\t\t\t<a href='https:\/\/www.masdelabolp.it\/de\/mas-de-la-bolp\/mas-de-la-bolp-mountain-chalet-val-di-rabbi-trentino-100-2\/'><img loading=\"lazy\" decoding=\"async\" width=\"150\" height=\"150\" src=\"https:\/\/www.masdelabolp.it\/wp-content\/uploads\/2020\/04\/Mas-de-la-Bolp-Mountain-Chalet-Val-di-Rabbi-Trentino-100-150x150.jpg\" class=\"attachment-thumbnail size-thumbnail\" alt=\"\" srcset=\"https:\/\/www.masdelabolp.it\/wp-content\/uploads\/2020\/04\/Mas-de-la-Bolp-Mountain-Chalet-Val-di-Rabbi-Trentino-100-150x150.jpg 150w, https:\/\/www.masdelabolp.it\/wp-content\/uploads\/2020\/04\/Mas-de-la-Bolp-Mountain-Chalet-Val-di-Rabbi-Trentino-100-268x268.jpg 268w, https:\/\/www.masdelabolp.it\/wp-content\/uploads\/2020\/04\/Mas-de-la-Bolp-Mountain-Chalet-Val-di-Rabbi-Trentino-100-75x75.jpg 75w, https:\/\/www.masdelabolp.it\/wp-content\/uploads\/2020\/04\/Mas-de-la-Bolp-Mountain-Chalet-Val-di-Rabbi-Trentino-100-80x80.jpg 80w, https:\/\/www.masdelabolp.it\/wp-content\/uploads\/2020\/04\/Mas-de-la-Bolp-Mountain-Chalet-Val-di-Rabbi-Trentino-100-100x100.jpg 100w\" sizes=\"auto, (max-width: 150px) 100vw, 150px\" \/><\/a>\n\t\t\t<\/dt><\/dl><br style=\"clear: both\" \/><dl class='gallery-item'>\n\t\t\t<dt class='gallery-icon landscape'>\n\t\t\t\t<a href='https:\/\/www.masdelabolp.it\/de\/mas-de-la-bolp\/mas-de-la-bolp-mountain-chalet-val-di-rabbi-trentino-95-2\/'><img loading=\"lazy\" decoding=\"async\" width=\"150\" height=\"150\" src=\"https:\/\/www.masdelabolp.it\/wp-content\/uploads\/2020\/04\/Mas-de-la-Bolp-Mountain-Chalet-Val-di-Rabbi-Trentino-95-150x150.jpg\" class=\"attachment-thumbnail size-thumbnail\" alt=\"\" srcset=\"https:\/\/www.masdelabolp.it\/wp-content\/uploads\/2020\/04\/Mas-de-la-Bolp-Mountain-Chalet-Val-di-Rabbi-Trentino-95-150x150.jpg 150w, https:\/\/www.masdelabolp.it\/wp-content\/uploads\/2020\/04\/Mas-de-la-Bolp-Mountain-Chalet-Val-di-Rabbi-Trentino-95-268x268.jpg 268w, https:\/\/www.masdelabolp.it\/wp-content\/uploads\/2020\/04\/Mas-de-la-Bolp-Mountain-Chalet-Val-di-Rabbi-Trentino-95-75x75.jpg 75w, https:\/\/www.masdelabolp.it\/wp-content\/uploads\/2020\/04\/Mas-de-la-Bolp-Mountain-Chalet-Val-di-Rabbi-Trentino-95-80x80.jpg 80w, https:\/\/www.masdelabolp.it\/wp-content\/uploads\/2020\/04\/Mas-de-la-Bolp-Mountain-Chalet-Val-di-Rabbi-Trentino-95-100x100.jpg 100w\" sizes=\"auto, (max-width: 150px) 100vw, 150px\" \/><\/a>\n\t\t\t<\/dt><\/dl><dl class='gallery-item'>\n\t\t\t<dt class='gallery-icon landscape'>\n\t\t\t\t<a href='https:\/\/www.masdelabolp.it\/de\/mas-de-la-bolp\/olympus-digital-camera-16-2\/'><img loading=\"lazy\" decoding=\"async\" width=\"150\" height=\"150\" src=\"https:\/\/www.masdelabolp.it\/wp-content\/uploads\/2020\/04\/Mas-de-la-Bolp-Mountain-Chalet-Val-di-Rabbi-Trentino-27-150x150.jpg\" class=\"attachment-thumbnail size-thumbnail\" alt=\"\" srcset=\"https:\/\/www.masdelabolp.it\/wp-content\/uploads\/2020\/04\/Mas-de-la-Bolp-Mountain-Chalet-Val-di-Rabbi-Trentino-27-150x150.jpg 150w, https:\/\/www.masdelabolp.it\/wp-content\/uploads\/2020\/04\/Mas-de-la-Bolp-Mountain-Chalet-Val-di-Rabbi-Trentino-27-268x268.jpg 268w, https:\/\/www.masdelabolp.it\/wp-content\/uploads\/2020\/04\/Mas-de-la-Bolp-Mountain-Chalet-Val-di-Rabbi-Trentino-27-75x75.jpg 75w, https:\/\/www.masdelabolp.it\/wp-content\/uploads\/2020\/04\/Mas-de-la-Bolp-Mountain-Chalet-Val-di-Rabbi-Trentino-27-80x80.jpg 80w, https:\/\/www.masdelabolp.it\/wp-content\/uploads\/2020\/04\/Mas-de-la-Bolp-Mountain-Chalet-Val-di-Rabbi-Trentino-27-100x100.jpg 100w\" sizes=\"auto, (max-width: 150px) 100vw, 150px\" \/><\/a>\n\t\t\t<\/dt><\/dl><dl class='gallery-item'>\n\t\t\t<dt class='gallery-icon landscape'>\n\t\t\t\t<a href='https:\/\/www.masdelabolp.it\/de\/homepage\/5-1-dove-siamo-head-mas-de-la-bolp-mountain-chalet-val-di-rabbi-trentino_1200x600-2\/'><img loading=\"lazy\" decoding=\"async\" width=\"150\" height=\"150\" src=\"https:\/\/www.masdelabolp.it\/wp-content\/uploads\/2019\/11\/5.1-DOVE-SIAMO-HEAD-Mas-de-la-Bolp-Mountain-Chalet-Val-di-Rabbi-Trentino_1200X600-150x150.jpg\" class=\"attachment-thumbnail size-thumbnail\" alt=\"\" srcset=\"https:\/\/www.masdelabolp.it\/wp-content\/uploads\/2019\/11\/5.1-DOVE-SIAMO-HEAD-Mas-de-la-Bolp-Mountain-Chalet-Val-di-Rabbi-Trentino_1200X600-150x150.jpg 150w, https:\/\/www.masdelabolp.it\/wp-content\/uploads\/2019\/11\/5.1-DOVE-SIAMO-HEAD-Mas-de-la-Bolp-Mountain-Chalet-Val-di-Rabbi-Trentino_1200X600-268x268.jpg 268w, https:\/\/www.masdelabolp.it\/wp-content\/uploads\/2019\/11\/5.1-DOVE-SIAMO-HEAD-Mas-de-la-Bolp-Mountain-Chalet-Val-di-Rabbi-Trentino_1200X600-75x75.jpg 75w, https:\/\/www.masdelabolp.it\/wp-content\/uploads\/2019\/11\/5.1-DOVE-SIAMO-HEAD-Mas-de-la-Bolp-Mountain-Chalet-Val-di-Rabbi-Trentino_1200X600-80x80.jpg 80w, https:\/\/www.masdelabolp.it\/wp-content\/uploads\/2019\/11\/5.1-DOVE-SIAMO-HEAD-Mas-de-la-Bolp-Mountain-Chalet-Val-di-Rabbi-Trentino_1200X600-100x100.jpg 100w\" sizes=\"auto, (max-width: 150px) 100vw, 150px\" \/><\/a>\n\t\t\t<\/dt><\/dl><br style=\"clear: both\" \/><dl class='gallery-item'>\n\t\t\t<dt class='gallery-icon landscape'>\n\t\t\t\t<a href='https:\/\/www.masdelabolp.it\/de\/mas-de-la-bolp\/bsh-2\/'><img loading=\"lazy\" decoding=\"async\" width=\"150\" height=\"150\" src=\"https:\/\/www.masdelabolp.it\/wp-content\/uploads\/2019\/11\/Esternoinserirladopolultima-estiva_1200x600-150x150.jpg\" class=\"attachment-thumbnail size-thumbnail\" alt=\"\" srcset=\"https:\/\/www.masdelabolp.it\/wp-content\/uploads\/2019\/11\/Esternoinserirladopolultima-estiva_1200x600-150x150.jpg 150w, https:\/\/www.masdelabolp.it\/wp-content\/uploads\/2019\/11\/Esternoinserirladopolultima-estiva_1200x600-268x268.jpg 268w, https:\/\/www.masdelabolp.it\/wp-content\/uploads\/2019\/11\/Esternoinserirladopolultima-estiva_1200x600-75x75.jpg 75w, https:\/\/www.masdelabolp.it\/wp-content\/uploads\/2019\/11\/Esternoinserirladopolultima-estiva_1200x600-80x80.jpg 80w, https:\/\/www.masdelabolp.it\/wp-content\/uploads\/2019\/11\/Esternoinserirladopolultima-estiva_1200x600-100x100.jpg 100w\" sizes=\"auto, (max-width: 150px) 100vw, 150px\" \/><\/a>\n\t\t\t<\/dt><\/dl><dl class='gallery-item'>\n\t\t\t<dt class='gallery-icon landscape'>\n\t\t\t\t<a href='https:\/\/www.masdelabolp.it\/de\/mas-de-la-bolp\/mas-de-la-bolp-mountain-chalet-val-di-rabbi-trentino-11-2\/'><img loading=\"lazy\" decoding=\"async\" width=\"150\" height=\"150\" src=\"https:\/\/www.masdelabolp.it\/wp-content\/uploads\/2020\/04\/Mas-de-la-Bolp-Mountain-Chalet-Val-di-Rabbi-Trentino-11-150x150.jpg\" class=\"attachment-thumbnail size-thumbnail\" alt=\"\" srcset=\"https:\/\/www.masdelabolp.it\/wp-content\/uploads\/2020\/04\/Mas-de-la-Bolp-Mountain-Chalet-Val-di-Rabbi-Trentino-11-150x150.jpg 150w, https:\/\/www.masdelabolp.it\/wp-content\/uploads\/2020\/04\/Mas-de-la-Bolp-Mountain-Chalet-Val-di-Rabbi-Trentino-11-268x268.jpg 268w, https:\/\/www.masdelabolp.it\/wp-content\/uploads\/2020\/04\/Mas-de-la-Bolp-Mountain-Chalet-Val-di-Rabbi-Trentino-11-75x75.jpg 75w, https:\/\/www.masdelabolp.it\/wp-content\/uploads\/2020\/04\/Mas-de-la-Bolp-Mountain-Chalet-Val-di-Rabbi-Trentino-11-80x80.jpg 80w, https:\/\/www.masdelabolp.it\/wp-content\/uploads\/2020\/04\/Mas-de-la-Bolp-Mountain-Chalet-Val-di-Rabbi-Trentino-11-100x100.jpg 100w\" sizes=\"auto, (max-width: 150px) 100vw, 150px\" \/><\/a>\n\t\t\t<\/dt><\/dl><dl class='gallery-item'>\n\t\t\t<dt class='gallery-icon landscape'>\n\t\t\t\t<a href='https:\/\/www.masdelabolp.it\/de\/mas-de-la-bolp\/olympus-digital-camera-33-2\/'><img loading=\"lazy\" decoding=\"async\" width=\"150\" height=\"150\" src=\"https:\/\/www.masdelabolp.it\/wp-content\/uploads\/2020\/04\/Mas-de-la-Bolp-Mountain-Chalet-Val-di-Rabbi-Trentino-128-150x150.jpg\" class=\"attachment-thumbnail size-thumbnail\" alt=\"\" srcset=\"https:\/\/www.masdelabolp.it\/wp-content\/uploads\/2020\/04\/Mas-de-la-Bolp-Mountain-Chalet-Val-di-Rabbi-Trentino-128-150x150.jpg 150w, https:\/\/www.masdelabolp.it\/wp-content\/uploads\/2020\/04\/Mas-de-la-Bolp-Mountain-Chalet-Val-di-Rabbi-Trentino-128-268x268.jpg 268w, https:\/\/www.masdelabolp.it\/wp-content\/uploads\/2020\/04\/Mas-de-la-Bolp-Mountain-Chalet-Val-di-Rabbi-Trentino-128-75x75.jpg 75w, https:\/\/www.masdelabolp.it\/wp-content\/uploads\/2020\/04\/Mas-de-la-Bolp-Mountain-Chalet-Val-di-Rabbi-Trentino-128-80x80.jpg 80w, https:\/\/www.masdelabolp.it\/wp-content\/uploads\/2020\/04\/Mas-de-la-Bolp-Mountain-Chalet-Val-di-Rabbi-Trentino-128-100x100.jpg 100w\" sizes=\"auto, (max-width: 150px) 100vw, 150px\" \/><\/a>\n\t\t\t<\/dt><\/dl><br style=\"clear: both\" \/><dl class='gallery-item'>\n\t\t\t<dt class='gallery-icon landscape'>\n\t\t\t\t<a href='https:\/\/www.masdelabolp.it\/de\/mas-de-la-bolp\/olympus-digital-camera-21-2\/'><img loading=\"lazy\" decoding=\"async\" width=\"150\" height=\"150\" src=\"https:\/\/www.masdelabolp.it\/wp-content\/uploads\/2020\/04\/Mas-de-la-Bolp-Mountain-Chalet-Val-di-Rabbi-Trentino-33-150x150.jpg\" class=\"attachment-thumbnail size-thumbnail\" alt=\"\" srcset=\"https:\/\/www.masdelabolp.it\/wp-content\/uploads\/2020\/04\/Mas-de-la-Bolp-Mountain-Chalet-Val-di-Rabbi-Trentino-33-150x150.jpg 150w, https:\/\/www.masdelabolp.it\/wp-content\/uploads\/2020\/04\/Mas-de-la-Bolp-Mountain-Chalet-Val-di-Rabbi-Trentino-33-268x268.jpg 268w, https:\/\/www.masdelabolp.it\/wp-content\/uploads\/2020\/04\/Mas-de-la-Bolp-Mountain-Chalet-Val-di-Rabbi-Trentino-33-75x75.jpg 75w, https:\/\/www.masdelabolp.it\/wp-content\/uploads\/2020\/04\/Mas-de-la-Bolp-Mountain-Chalet-Val-di-Rabbi-Trentino-33-80x80.jpg 80w, https:\/\/www.masdelabolp.it\/wp-content\/uploads\/2020\/04\/Mas-de-la-Bolp-Mountain-Chalet-Val-di-Rabbi-Trentino-33-100x100.jpg 100w\" sizes=\"auto, (max-width: 150px) 100vw, 150px\" \/><\/a>\n\t\t\t<\/dt><\/dl><dl class='gallery-item'>\n\t\t\t<dt class='gallery-icon landscape'>\n\t\t\t\t<a href='https:\/\/www.masdelabolp.it\/de\/anemone\/13-9-mas-de-la-bolp-mountain-chalet-val-di-rabbi-trentino-6_1200x600-2\/'><img loading=\"lazy\" decoding=\"async\" width=\"150\" height=\"150\" src=\"https:\/\/www.masdelabolp.it\/wp-content\/uploads\/2019\/04\/13.9-Mas-de-la-Bolp-Mountain-Chalet-Val-di-Rabbi-Trentino-6_1200X600-150x150.jpg\" class=\"attachment-thumbnail size-thumbnail\" alt=\"\" srcset=\"https:\/\/www.masdelabolp.it\/wp-content\/uploads\/2019\/04\/13.9-Mas-de-la-Bolp-Mountain-Chalet-Val-di-Rabbi-Trentino-6_1200X600-150x150.jpg 150w, https:\/\/www.masdelabolp.it\/wp-content\/uploads\/2019\/04\/13.9-Mas-de-la-Bolp-Mountain-Chalet-Val-di-Rabbi-Trentino-6_1200X600-268x268.jpg 268w, https:\/\/www.masdelabolp.it\/wp-content\/uploads\/2019\/04\/13.9-Mas-de-la-Bolp-Mountain-Chalet-Val-di-Rabbi-Trentino-6_1200X600-75x75.jpg 75w, https:\/\/www.masdelabolp.it\/wp-content\/uploads\/2019\/04\/13.9-Mas-de-la-Bolp-Mountain-Chalet-Val-di-Rabbi-Trentino-6_1200X600-80x80.jpg 80w, https:\/\/www.masdelabolp.it\/wp-content\/uploads\/2019\/04\/13.9-Mas-de-la-Bolp-Mountain-Chalet-Val-di-Rabbi-Trentino-6_1200X600-100x100.jpg 100w\" sizes=\"auto, (max-width: 150px) 100vw, 150px\" \/><\/a>\n\t\t\t<\/dt><\/dl><dl class='gallery-item'>\n\t\t\t<dt class='gallery-icon landscape'>\n\t\t\t\t<a href='https:\/\/www.masdelabolp.it\/de\/mas-de-la-bolp\/olympus-digital-camera-35-2\/'><img loading=\"lazy\" decoding=\"async\" width=\"150\" height=\"150\" src=\"https:\/\/www.masdelabolp.it\/wp-content\/uploads\/2020\/04\/Mas-de-la-Bolp-Mountain-Chalet-Val-di-Rabbi-Trentino-29-1-150x150.jpg\" class=\"attachment-thumbnail size-thumbnail\" alt=\"\" srcset=\"https:\/\/www.masdelabolp.it\/wp-content\/uploads\/2020\/04\/Mas-de-la-Bolp-Mountain-Chalet-Val-di-Rabbi-Trentino-29-1-150x150.jpg 150w, https:\/\/www.masdelabolp.it\/wp-content\/uploads\/2020\/04\/Mas-de-la-Bolp-Mountain-Chalet-Val-di-Rabbi-Trentino-29-1-268x268.jpg 268w, https:\/\/www.masdelabolp.it\/wp-content\/uploads\/2020\/04\/Mas-de-la-Bolp-Mountain-Chalet-Val-di-Rabbi-Trentino-29-1-75x75.jpg 75w, https:\/\/www.masdelabolp.it\/wp-content\/uploads\/2020\/04\/Mas-de-la-Bolp-Mountain-Chalet-Val-di-Rabbi-Trentino-29-1-80x80.jpg 80w, https:\/\/www.masdelabolp.it\/wp-content\/uploads\/2020\/04\/Mas-de-la-Bolp-Mountain-Chalet-Val-di-Rabbi-Trentino-29-1-100x100.jpg 100w\" sizes=\"auto, (max-width: 150px) 100vw, 150px\" \/><\/a>\n\t\t\t<\/dt><\/dl><br style=\"clear: both\" \/><dl class='gallery-item'>\n\t\t\t<dt class='gallery-icon landscape'>\n\t\t\t\t<a href='https:\/\/www.masdelabolp.it\/de\/mas-de-la-bolp\/mas-de-la-bolp-mountain-chalet-val-di-rabbi-trentino-124-2\/'><img loading=\"lazy\" decoding=\"async\" width=\"150\" height=\"150\" src=\"https:\/\/www.masdelabolp.it\/wp-content\/uploads\/2020\/04\/Mas-de-la-Bolp-Mountain-Chalet-Val-di-Rabbi-Trentino-124-150x150.jpg\" class=\"attachment-thumbnail size-thumbnail\" alt=\"\" srcset=\"https:\/\/www.masdelabolp.it\/wp-content\/uploads\/2020\/04\/Mas-de-la-Bolp-Mountain-Chalet-Val-di-Rabbi-Trentino-124-150x150.jpg 150w, https:\/\/www.masdelabolp.it\/wp-content\/uploads\/2020\/04\/Mas-de-la-Bolp-Mountain-Chalet-Val-di-Rabbi-Trentino-124-268x268.jpg 268w, https:\/\/www.masdelabolp.it\/wp-content\/uploads\/2020\/04\/Mas-de-la-Bolp-Mountain-Chalet-Val-di-Rabbi-Trentino-124-75x75.jpg 75w, https:\/\/www.masdelabolp.it\/wp-content\/uploads\/2020\/04\/Mas-de-la-Bolp-Mountain-Chalet-Val-di-Rabbi-Trentino-124-80x80.jpg 80w, https:\/\/www.masdelabolp.it\/wp-content\/uploads\/2020\/04\/Mas-de-la-Bolp-Mountain-Chalet-Val-di-Rabbi-Trentino-124-100x100.jpg 100w\" sizes=\"auto, (max-width: 150px) 100vw, 150px\" \/><\/a>\n\t\t\t<\/dt><\/dl><dl class='gallery-item'>\n\t\t\t<dt class='gallery-icon landscape'>\n\t\t\t\t<a href='https:\/\/www.masdelabolp.it\/de\/mas-de-la-bolp\/mas-de-la-bolp-mountain-chalet-val-di-rabbi-trentino-133-2\/'><img loading=\"lazy\" decoding=\"async\" width=\"150\" height=\"150\" src=\"https:\/\/www.masdelabolp.it\/wp-content\/uploads\/2020\/04\/Mas-de-la-Bolp-Mountain-Chalet-Val-di-Rabbi-Trentino-133-150x150.jpg\" class=\"attachment-thumbnail size-thumbnail\" alt=\"\" srcset=\"https:\/\/www.masdelabolp.it\/wp-content\/uploads\/2020\/04\/Mas-de-la-Bolp-Mountain-Chalet-Val-di-Rabbi-Trentino-133-150x150.jpg 150w, https:\/\/www.masdelabolp.it\/wp-content\/uploads\/2020\/04\/Mas-de-la-Bolp-Mountain-Chalet-Val-di-Rabbi-Trentino-133-268x268.jpg 268w, https:\/\/www.masdelabolp.it\/wp-content\/uploads\/2020\/04\/Mas-de-la-Bolp-Mountain-Chalet-Val-di-Rabbi-Trentino-133-75x75.jpg 75w, https:\/\/www.masdelabolp.it\/wp-content\/uploads\/2020\/04\/Mas-de-la-Bolp-Mountain-Chalet-Val-di-Rabbi-Trentino-133-80x80.jpg 80w, https:\/\/www.masdelabolp.it\/wp-content\/uploads\/2020\/04\/Mas-de-la-Bolp-Mountain-Chalet-Val-di-Rabbi-Trentino-133-100x100.jpg 100w\" sizes=\"auto, (max-width: 150px) 100vw, 150px\" \/><\/a>\n\t\t\t<\/dt><\/dl><dl class='gallery-item'>\n\t\t\t<dt class='gallery-icon landscape'>\n\t\t\t\t<a href='https:\/\/www.masdelabolp.it\/de\/il_maso_06-2\/'><img loading=\"lazy\" decoding=\"async\" width=\"150\" height=\"150\" src=\"https:\/\/www.masdelabolp.it\/wp-content\/uploads\/2019\/01\/il_maso_06-150x150.jpg\" class=\"attachment-thumbnail size-thumbnail\" alt=\"\" srcset=\"https:\/\/www.masdelabolp.it\/wp-content\/uploads\/2019\/01\/il_maso_06-150x150.jpg 150w, https:\/\/www.masdelabolp.it\/wp-content\/uploads\/2019\/01\/il_maso_06-268x268.jpg 268w, https:\/\/www.masdelabolp.it\/wp-content\/uploads\/2019\/01\/il_maso_06-75x75.jpg 75w, https:\/\/www.masdelabolp.it\/wp-content\/uploads\/2019\/01\/il_maso_06-80x80.jpg 80w, https:\/\/www.masdelabolp.it\/wp-content\/uploads\/2019\/01\/il_maso_06-100x100.jpg 100w\" sizes=\"auto, (max-width: 150px) 100vw, 150px\" \/><\/a>\n\t\t\t<\/dt><\/dl><br style=\"clear: both\" \/><dl class='gallery-item'>\n\t\t\t<dt class='gallery-icon landscape'>\n\t\t\t\t<a href='https:\/\/www.masdelabolp.it\/de\/mas-de-la-bolp\/olympus-digital-camera-7-2\/'><img loading=\"lazy\" decoding=\"async\" width=\"150\" height=\"150\" src=\"https:\/\/www.masdelabolp.it\/wp-content\/uploads\/2020\/04\/Mas-de-la-Bolp-Mountain-Chalet-Val-di-Rabbi-Trentino-17-150x150.jpg\" class=\"attachment-thumbnail size-thumbnail\" alt=\"\" srcset=\"https:\/\/www.masdelabolp.it\/wp-content\/uploads\/2020\/04\/Mas-de-la-Bolp-Mountain-Chalet-Val-di-Rabbi-Trentino-17-150x150.jpg 150w, https:\/\/www.masdelabolp.it\/wp-content\/uploads\/2020\/04\/Mas-de-la-Bolp-Mountain-Chalet-Val-di-Rabbi-Trentino-17-268x268.jpg 268w, https:\/\/www.masdelabolp.it\/wp-content\/uploads\/2020\/04\/Mas-de-la-Bolp-Mountain-Chalet-Val-di-Rabbi-Trentino-17-75x75.jpg 75w, https:\/\/www.masdelabolp.it\/wp-content\/uploads\/2020\/04\/Mas-de-la-Bolp-Mountain-Chalet-Val-di-Rabbi-Trentino-17-80x80.jpg 80w, https:\/\/www.masdelabolp.it\/wp-content\/uploads\/2020\/04\/Mas-de-la-Bolp-Mountain-Chalet-Val-di-Rabbi-Trentino-17-100x100.jpg 100w\" sizes=\"auto, (max-width: 150px) 100vw, 150px\" \/><\/a>\n\t\t\t<\/dt><\/dl><dl class='gallery-item'>\n\t\t\t<dt class='gallery-icon landscape'>\n\t\t\t\t<a href='https:\/\/www.masdelabolp.it\/de\/1-4-mas-de-la-bolp-mountain-chalet-val-di-rabbi-trentino-hompage-4_1920x1280-2\/'><img loading=\"lazy\" decoding=\"async\" width=\"150\" height=\"150\" src=\"https:\/\/www.masdelabolp.it\/wp-content\/uploads\/2019\/04\/1.4-Mas-de-la-Bolp-Mountain-Chalet-Val-di-Rabbi-Trentino-HOMPAGE-4_1920x1280-150x150.jpg\" class=\"attachment-thumbnail size-thumbnail\" alt=\"\" srcset=\"https:\/\/www.masdelabolp.it\/wp-content\/uploads\/2019\/04\/1.4-Mas-de-la-Bolp-Mountain-Chalet-Val-di-Rabbi-Trentino-HOMPAGE-4_1920x1280-150x150.jpg 150w, https:\/\/www.masdelabolp.it\/wp-content\/uploads\/2019\/04\/1.4-Mas-de-la-Bolp-Mountain-Chalet-Val-di-Rabbi-Trentino-HOMPAGE-4_1920x1280-268x268.jpg 268w, https:\/\/www.masdelabolp.it\/wp-content\/uploads\/2019\/04\/1.4-Mas-de-la-Bolp-Mountain-Chalet-Val-di-Rabbi-Trentino-HOMPAGE-4_1920x1280-75x75.jpg 75w, https:\/\/www.masdelabolp.it\/wp-content\/uploads\/2019\/04\/1.4-Mas-de-la-Bolp-Mountain-Chalet-Val-di-Rabbi-Trentino-HOMPAGE-4_1920x1280-80x80.jpg 80w, https:\/\/www.masdelabolp.it\/wp-content\/uploads\/2019\/04\/1.4-Mas-de-la-Bolp-Mountain-Chalet-Val-di-Rabbi-Trentino-HOMPAGE-4_1920x1280-100x100.jpg 100w\" sizes=\"auto, (max-width: 150px) 100vw, 150px\" \/><\/a>\n\t\t\t<\/dt><\/dl><dl class='gallery-item'>\n\t\t\t<dt class='gallery-icon landscape'>\n\t\t\t\t<a href='https:\/\/www.masdelabolp.it\/de\/mas-de-la-bolp\/mas-de-la-bolp-mountain-chalet-val-di-rabbi-trentino-10-2\/'><img loading=\"lazy\" decoding=\"async\" width=\"150\" height=\"150\" src=\"https:\/\/www.masdelabolp.it\/wp-content\/uploads\/2020\/04\/Mas-de-la-Bolp-Mountain-Chalet-Val-di-Rabbi-Trentino-10-150x150.jpg\" class=\"attachment-thumbnail size-thumbnail\" alt=\"\" srcset=\"https:\/\/www.masdelabolp.it\/wp-content\/uploads\/2020\/04\/Mas-de-la-Bolp-Mountain-Chalet-Val-di-Rabbi-Trentino-10-150x150.jpg 150w, https:\/\/www.masdelabolp.it\/wp-content\/uploads\/2020\/04\/Mas-de-la-Bolp-Mountain-Chalet-Val-di-Rabbi-Trentino-10-268x268.jpg 268w, https:\/\/www.masdelabolp.it\/wp-content\/uploads\/2020\/04\/Mas-de-la-Bolp-Mountain-Chalet-Val-di-Rabbi-Trentino-10-75x75.jpg 75w, https:\/\/www.masdelabolp.it\/wp-content\/uploads\/2020\/04\/Mas-de-la-Bolp-Mountain-Chalet-Val-di-Rabbi-Trentino-10-80x80.jpg 80w, https:\/\/www.masdelabolp.it\/wp-content\/uploads\/2020\/04\/Mas-de-la-Bolp-Mountain-Chalet-Val-di-Rabbi-Trentino-10-100x100.jpg 100w\" sizes=\"auto, (max-width: 150px) 100vw, 150px\" \/><\/a>\n\t\t\t<\/dt><\/dl><br style=\"clear: both\" \/><dl class='gallery-item'>\n\t\t\t<dt class='gallery-icon landscape'>\n\t\t\t\t<a href='https:\/\/www.masdelabolp.it\/de\/kontakt\/header-pagina-contatti1200x600-2\/'><img loading=\"lazy\" decoding=\"async\" width=\"150\" height=\"150\" src=\"https:\/\/www.masdelabolp.it\/wp-content\/uploads\/2019\/11\/Header-pagina-contatti1200x600-150x150.jpg\" class=\"attachment-thumbnail size-thumbnail\" alt=\"\" srcset=\"https:\/\/www.masdelabolp.it\/wp-content\/uploads\/2019\/11\/Header-pagina-contatti1200x600-150x150.jpg 150w, https:\/\/www.masdelabolp.it\/wp-content\/uploads\/2019\/11\/Header-pagina-contatti1200x600-268x268.jpg 268w, https:\/\/www.masdelabolp.it\/wp-content\/uploads\/2019\/11\/Header-pagina-contatti1200x600-75x75.jpg 75w, https:\/\/www.masdelabolp.it\/wp-content\/uploads\/2019\/11\/Header-pagina-contatti1200x600-80x80.jpg 80w, https:\/\/www.masdelabolp.it\/wp-content\/uploads\/2019\/11\/Header-pagina-contatti1200x600-100x100.jpg 100w\" sizes=\"auto, (max-width: 150px) 100vw, 150px\" \/><\/a>\n\t\t\t<\/dt><\/dl><dl class='gallery-item'>\n\t\t\t<dt class='gallery-icon landscape'>\n\t\t\t\t<a href='https:\/\/www.masdelabolp.it\/de\/mas-de-la-bolp\/mas-de-la-bolp-mountain-chalet-val-di-rabbi-trentino-96-2\/'><img loading=\"lazy\" decoding=\"async\" width=\"150\" height=\"150\" src=\"https:\/\/www.masdelabolp.it\/wp-content\/uploads\/2020\/04\/Mas-de-la-Bolp-Mountain-Chalet-Val-di-Rabbi-Trentino-96-150x150.jpg\" class=\"attachment-thumbnail size-thumbnail\" alt=\"\" srcset=\"https:\/\/www.masdelabolp.it\/wp-content\/uploads\/2020\/04\/Mas-de-la-Bolp-Mountain-Chalet-Val-di-Rabbi-Trentino-96-150x150.jpg 150w, https:\/\/www.masdelabolp.it\/wp-content\/uploads\/2020\/04\/Mas-de-la-Bolp-Mountain-Chalet-Val-di-Rabbi-Trentino-96-268x268.jpg 268w, https:\/\/www.masdelabolp.it\/wp-content\/uploads\/2020\/04\/Mas-de-la-Bolp-Mountain-Chalet-Val-di-Rabbi-Trentino-96-75x75.jpg 75w, https:\/\/www.masdelabolp.it\/wp-content\/uploads\/2020\/04\/Mas-de-la-Bolp-Mountain-Chalet-Val-di-Rabbi-Trentino-96-80x80.jpg 80w, https:\/\/www.masdelabolp.it\/wp-content\/uploads\/2020\/04\/Mas-de-la-Bolp-Mountain-Chalet-Val-di-Rabbi-Trentino-96-100x100.jpg 100w\" sizes=\"auto, (max-width: 150px) 100vw, 150px\" \/><\/a>\n\t\t\t<\/dt><\/dl><dl class='gallery-item'>\n\t\t\t<dt class='gallery-icon landscape'>\n\t\t\t\t<a href='https:\/\/www.masdelabolp.it\/de\/mas-de-la-bolp\/mas-de-la-bolp-mountain-chalet-val-di-rabbi-trentino-101-2\/'><img loading=\"lazy\" decoding=\"async\" width=\"150\" height=\"150\" src=\"https:\/\/www.masdelabolp.it\/wp-content\/uploads\/2020\/04\/Mas-de-la-Bolp-Mountain-Chalet-Val-di-Rabbi-Trentino-101-150x150.jpg\" class=\"attachment-thumbnail size-thumbnail\" alt=\"\" srcset=\"https:\/\/www.masdelabolp.it\/wp-content\/uploads\/2020\/04\/Mas-de-la-Bolp-Mountain-Chalet-Val-di-Rabbi-Trentino-101-150x150.jpg 150w, https:\/\/www.masdelabolp.it\/wp-content\/uploads\/2020\/04\/Mas-de-la-Bolp-Mountain-Chalet-Val-di-Rabbi-Trentino-101-268x268.jpg 268w, https:\/\/www.masdelabolp.it\/wp-content\/uploads\/2020\/04\/Mas-de-la-Bolp-Mountain-Chalet-Val-di-Rabbi-Trentino-101-75x75.jpg 75w, https:\/\/www.masdelabolp.it\/wp-content\/uploads\/2020\/04\/Mas-de-la-Bolp-Mountain-Chalet-Val-di-Rabbi-Trentino-101-80x80.jpg 80w, https:\/\/www.masdelabolp.it\/wp-content\/uploads\/2020\/04\/Mas-de-la-Bolp-Mountain-Chalet-Val-di-Rabbi-Trentino-101-100x100.jpg 100w\" sizes=\"auto, (max-width: 150px) 100vw, 150px\" \/><\/a>\n\t\t\t<\/dt><\/dl><br style=\"clear: both\" \/><dl class='gallery-item'>\n\t\t\t<dt class='gallery-icon landscape'>\n\t\t\t\t<a href='https:\/\/www.masdelabolp.it\/de\/mas-de-la-bolp\/mas-de-la-bolp-mountain-chalet-val-di-rabbi-trentino-45-2\/'><img loading=\"lazy\" decoding=\"async\" width=\"150\" height=\"150\" src=\"https:\/\/www.masdelabolp.it\/wp-content\/uploads\/2020\/04\/Mas-de-la-Bolp-Mountain-Chalet-Val-di-Rabbi-Trentino-45-150x150.jpg\" class=\"attachment-thumbnail size-thumbnail\" alt=\"\" srcset=\"https:\/\/www.masdelabolp.it\/wp-content\/uploads\/2020\/04\/Mas-de-la-Bolp-Mountain-Chalet-Val-di-Rabbi-Trentino-45-150x150.jpg 150w, https:\/\/www.masdelabolp.it\/wp-content\/uploads\/2020\/04\/Mas-de-la-Bolp-Mountain-Chalet-Val-di-Rabbi-Trentino-45-268x268.jpg 268w, https:\/\/www.masdelabolp.it\/wp-content\/uploads\/2020\/04\/Mas-de-la-Bolp-Mountain-Chalet-Val-di-Rabbi-Trentino-45-75x75.jpg 75w, https:\/\/www.masdelabolp.it\/wp-content\/uploads\/2020\/04\/Mas-de-la-Bolp-Mountain-Chalet-Val-di-Rabbi-Trentino-45-80x80.jpg 80w, https:\/\/www.masdelabolp.it\/wp-content\/uploads\/2020\/04\/Mas-de-la-Bolp-Mountain-Chalet-Val-di-Rabbi-Trentino-45-100x100.jpg 100w\" sizes=\"auto, (max-width: 150px) 100vw, 150px\" \/><\/a>\n\t\t\t<\/dt><\/dl><dl class='gallery-item'>\n\t\t\t<dt class='gallery-icon landscape'>\n\t\t\t\t<a href='https:\/\/www.masdelabolp.it\/de\/mas-de-la-bolp\/3-1-mas-de-la-bolp-mountain-chalet-val-di-rabbi-trentino_1200x600-2\/'><img loading=\"lazy\" decoding=\"async\" width=\"150\" height=\"150\" src=\"https:\/\/www.masdelabolp.it\/wp-content\/uploads\/2019\/04\/3.1-Mas-de-la-Bolp-Mountain-Chalet-Val-di-Rabbi-Trentino_1200x600-150x150.jpg\" class=\"attachment-thumbnail size-thumbnail\" alt=\"\" srcset=\"https:\/\/www.masdelabolp.it\/wp-content\/uploads\/2019\/04\/3.1-Mas-de-la-Bolp-Mountain-Chalet-Val-di-Rabbi-Trentino_1200x600-150x150.jpg 150w, https:\/\/www.masdelabolp.it\/wp-content\/uploads\/2019\/04\/3.1-Mas-de-la-Bolp-Mountain-Chalet-Val-di-Rabbi-Trentino_1200x600-268x268.jpg 268w, https:\/\/www.masdelabolp.it\/wp-content\/uploads\/2019\/04\/3.1-Mas-de-la-Bolp-Mountain-Chalet-Val-di-Rabbi-Trentino_1200x600-75x75.jpg 75w, https:\/\/www.masdelabolp.it\/wp-content\/uploads\/2019\/04\/3.1-Mas-de-la-Bolp-Mountain-Chalet-Val-di-Rabbi-Trentino_1200x600-80x80.jpg 80w, https:\/\/www.masdelabolp.it\/wp-content\/uploads\/2019\/04\/3.1-Mas-de-la-Bolp-Mountain-Chalet-Val-di-Rabbi-Trentino_1200x600-100x100.jpg 100w\" sizes=\"auto, (max-width: 150px) 100vw, 150px\" \/><\/a>\n\t\t\t<\/dt><\/dl><dl class='gallery-item'>\n\t\t\t<dt class='gallery-icon landscape'>\n\t\t\t\t<a href='https:\/\/www.masdelabolp.it\/de\/mas-de-la-bolp\/mas-de-la-bolp-mountain-chalet-val-di-rabbi-trentino-143-2\/'><img loading=\"lazy\" decoding=\"async\" width=\"150\" height=\"150\" src=\"https:\/\/www.masdelabolp.it\/wp-content\/uploads\/2020\/04\/Mas-de-la-Bolp-Mountain-Chalet-Val-di-Rabbi-Trentino-143-150x150.jpg\" class=\"attachment-thumbnail size-thumbnail\" alt=\"\" srcset=\"https:\/\/www.masdelabolp.it\/wp-content\/uploads\/2020\/04\/Mas-de-la-Bolp-Mountain-Chalet-Val-di-Rabbi-Trentino-143-150x150.jpg 150w, https:\/\/www.masdelabolp.it\/wp-content\/uploads\/2020\/04\/Mas-de-la-Bolp-Mountain-Chalet-Val-di-Rabbi-Trentino-143-268x268.jpg 268w, https:\/\/www.masdelabolp.it\/wp-content\/uploads\/2020\/04\/Mas-de-la-Bolp-Mountain-Chalet-Val-di-Rabbi-Trentino-143-75x75.jpg 75w, https:\/\/www.masdelabolp.it\/wp-content\/uploads\/2020\/04\/Mas-de-la-Bolp-Mountain-Chalet-Val-di-Rabbi-Trentino-143-80x80.jpg 80w, https:\/\/www.masdelabolp.it\/wp-content\/uploads\/2020\/04\/Mas-de-la-Bolp-Mountain-Chalet-Val-di-Rabbi-Trentino-143-100x100.jpg 100w\" sizes=\"auto, (max-width: 150px) 100vw, 150px\" \/><\/a>\n\t\t\t<\/dt><\/dl><br style=\"clear: both\" \/><dl class='gallery-item'>\n\t\t\t<dt class='gallery-icon landscape'>\n\t\t\t\t<a href='https:\/\/www.masdelabolp.it\/de\/dsc9717_1200-2\/'><img loading=\"lazy\" decoding=\"async\" width=\"150\" height=\"150\" src=\"https:\/\/www.masdelabolp.it\/wp-content\/uploads\/2019\/01\/DSC9717_1200-150x150.jpg\" class=\"attachment-thumbnail size-thumbnail\" alt=\"\" srcset=\"https:\/\/www.masdelabolp.it\/wp-content\/uploads\/2019\/01\/DSC9717_1200-150x150.jpg 150w, https:\/\/www.masdelabolp.it\/wp-content\/uploads\/2019\/01\/DSC9717_1200-268x268.jpg 268w, https:\/\/www.masdelabolp.it\/wp-content\/uploads\/2019\/01\/DSC9717_1200-75x75.jpg 75w, https:\/\/www.masdelabolp.it\/wp-content\/uploads\/2019\/01\/DSC9717_1200-80x80.jpg 80w, https:\/\/www.masdelabolp.it\/wp-content\/uploads\/2019\/01\/DSC9717_1200-100x100.jpg 100w\" sizes=\"auto, (max-width: 150px) 100vw, 150px\" \/><\/a>\n\t\t\t<\/dt><\/dl><dl class='gallery-item'>\n\t\t\t<dt class='gallery-icon landscape'>\n\t\t\t\t<a href='https:\/\/www.masdelabolp.it\/de\/mas-de-la-bolp\/mas-de-la-bolp-mountain-chalet-val-di-rabbi-trentino-43-2\/'><img loading=\"lazy\" decoding=\"async\" width=\"150\" height=\"150\" src=\"https:\/\/www.masdelabolp.it\/wp-content\/uploads\/2020\/04\/Mas-de-la-Bolp-Mountain-Chalet-Val-di-Rabbi-Trentino-43-150x150.jpg\" class=\"attachment-thumbnail size-thumbnail\" alt=\"\" srcset=\"https:\/\/www.masdelabolp.it\/wp-content\/uploads\/2020\/04\/Mas-de-la-Bolp-Mountain-Chalet-Val-di-Rabbi-Trentino-43-150x150.jpg 150w, https:\/\/www.masdelabolp.it\/wp-content\/uploads\/2020\/04\/Mas-de-la-Bolp-Mountain-Chalet-Val-di-Rabbi-Trentino-43-268x268.jpg 268w, https:\/\/www.masdelabolp.it\/wp-content\/uploads\/2020\/04\/Mas-de-la-Bolp-Mountain-Chalet-Val-di-Rabbi-Trentino-43-75x75.jpg 75w, https:\/\/www.masdelabolp.it\/wp-content\/uploads\/2020\/04\/Mas-de-la-Bolp-Mountain-Chalet-Val-di-Rabbi-Trentino-43-80x80.jpg 80w, https:\/\/www.masdelabolp.it\/wp-content\/uploads\/2020\/04\/Mas-de-la-Bolp-Mountain-Chalet-Val-di-Rabbi-Trentino-43-100x100.jpg 100w\" sizes=\"auto, (max-width: 150px) 100vw, 150px\" \/><\/a>\n\t\t\t<\/dt><\/dl><dl class='gallery-item'>\n\t\t\t<dt class='gallery-icon landscape'>\n\t\t\t\t<a href='https:\/\/www.masdelabolp.it\/de\/mas-de-la-bolp\/mas-de-la-bolp-mountain-chalet-val-di-rabbi-trentino-98-2\/'><img loading=\"lazy\" decoding=\"async\" width=\"150\" height=\"150\" src=\"https:\/\/www.masdelabolp.it\/wp-content\/uploads\/2020\/04\/Mas-de-la-Bolp-Mountain-Chalet-Val-di-Rabbi-Trentino-98-150x150.jpg\" class=\"attachment-thumbnail size-thumbnail\" alt=\"\" srcset=\"https:\/\/www.masdelabolp.it\/wp-content\/uploads\/2020\/04\/Mas-de-la-Bolp-Mountain-Chalet-Val-di-Rabbi-Trentino-98-150x150.jpg 150w, https:\/\/www.masdelabolp.it\/wp-content\/uploads\/2020\/04\/Mas-de-la-Bolp-Mountain-Chalet-Val-di-Rabbi-Trentino-98-268x268.jpg 268w, https:\/\/www.masdelabolp.it\/wp-content\/uploads\/2020\/04\/Mas-de-la-Bolp-Mountain-Chalet-Val-di-Rabbi-Trentino-98-75x75.jpg 75w, https:\/\/www.masdelabolp.it\/wp-content\/uploads\/2020\/04\/Mas-de-la-Bolp-Mountain-Chalet-Val-di-Rabbi-Trentino-98-80x80.jpg 80w, https:\/\/www.masdelabolp.it\/wp-content\/uploads\/2020\/04\/Mas-de-la-Bolp-Mountain-Chalet-Val-di-Rabbi-Trentino-98-100x100.jpg 100w\" sizes=\"auto, (max-width: 150px) 100vw, 150px\" \/><\/a>\n\t\t\t<\/dt><\/dl><br style=\"clear: both\" \/><dl class='gallery-item'>\n\t\t\t<dt class='gallery-icon portrait'>\n\t\t\t\t<a href='https:\/\/www.masdelabolp.it\/de\/mas-de-la-bolp\/olympus-digital-camera-26-2\/'><img loading=\"lazy\" decoding=\"async\" width=\"150\" height=\"150\" src=\"https:\/\/www.masdelabolp.it\/wp-content\/uploads\/2020\/04\/Mas-de-la-Bolp-Mountain-Chalet-Val-di-Rabbi-Trentino-39-150x150.jpg\" class=\"attachment-thumbnail size-thumbnail\" alt=\"\" srcset=\"https:\/\/www.masdelabolp.it\/wp-content\/uploads\/2020\/04\/Mas-de-la-Bolp-Mountain-Chalet-Val-di-Rabbi-Trentino-39-150x150.jpg 150w, https:\/\/www.masdelabolp.it\/wp-content\/uploads\/2020\/04\/Mas-de-la-Bolp-Mountain-Chalet-Val-di-Rabbi-Trentino-39-268x268.jpg 268w, https:\/\/www.masdelabolp.it\/wp-content\/uploads\/2020\/04\/Mas-de-la-Bolp-Mountain-Chalet-Val-di-Rabbi-Trentino-39-75x75.jpg 75w, https:\/\/www.masdelabolp.it\/wp-content\/uploads\/2020\/04\/Mas-de-la-Bolp-Mountain-Chalet-Val-di-Rabbi-Trentino-39-80x80.jpg 80w, https:\/\/www.masdelabolp.it\/wp-content\/uploads\/2020\/04\/Mas-de-la-Bolp-Mountain-Chalet-Val-di-Rabbi-Trentino-39-100x100.jpg 100w\" sizes=\"auto, (max-width: 150px) 100vw, 150px\" \/><\/a>\n\t\t\t<\/dt><\/dl>\n\t\t\t<br style='clear: both' \/>\n\t\t<\/div>\n[\/vc_column_text][\/vc_column][\/vc_row][vc_row full_width=&#8220;stretch_row&#8220; css=&#8220;.vc_custom_1548080744417{padding-top: 35px !important;padding-bottom: 35px !important;background-color: #f4f4f4 !important;}&#8220;][vc_column][vc_column_text css=&#8220;.vc_custom_1575017619398{margin-bottom: 30px !important;}&#8220;]<\/p>\n<h3 class=\"aligncenter\">Unseren Angeboten<\/h3>\n<p>[\/vc_column_text][vc_column_text]        <div class=\"wcp-carousel-main-wrap\">\n        <section class=\"wcp-slick\"  data-accessibility = on data-autoplay = on data-dots = on data-autoplaySpeed = 3500 data-slidesToShow = 3 data-slidesToShowtab = 2 data-slidesToShowmob = 1 data-speed = 500 data-margin = 20px data-arrows = on id=\"carousel-57\">\n\n                            <div class=\"slick-slide carousel-item-1733\">\n                    <div class=\"post-style-2 rpc-bg rpc-box\">\n    <div class=\"wcp-img-wrap\">\n        <a href=\"https:\/\/www.masdelabolp.it\/de\/offerte\/una-vacanza-al-maso-bella-e-divertente\/\">\n            <div class=\"fixed-height-image\"><img loading=\"lazy\" decoding=\"async\" width=\"600\" height=\"410\" src=\"https:\/\/www.masdelabolp.it\/wp-content\/uploads\/2020\/04\/Mas-de-la-Bolp-Mountain-Chalet-Val-di-Rabbi-Trentino-53-600x410.jpg\" class=\"attachment-600x410 size-600x410 wp-post-image\" alt=\"\" srcset=\"https:\/\/www.masdelabolp.it\/wp-content\/uploads\/2020\/04\/Mas-de-la-Bolp-Mountain-Chalet-Val-di-Rabbi-Trentino-53-600x410.jpg 600w, https:\/\/www.masdelabolp.it\/wp-content\/uploads\/2020\/04\/Mas-de-la-Bolp-Mountain-Chalet-Val-di-Rabbi-Trentino-53-800x547.jpg 800w\" sizes=\"auto, (max-width: 600px) 100vw, 600px\" \/><\/div>        <\/a>\n    <\/div>\n    <div class=\"wcp-content-wrap\">\n        <h3>\n            <a class=\"rpc-title\" href=\"https:\/\/www.masdelabolp.it\/de\/offerte\/una-vacanza-al-maso-bella-e-divertente\/\" target=\"_self\" class=\"rpc-title\">\n                            <\/a>\n        <\/h3>\n                <div class=\"wcp-post-contents rpc-content\">\n\n            Quest'estate vieni a trovarci al Mas de la Bolp, Mountain Chalet! Il nostro Maso in Val di Rabbi -Trentino- \u00e8 situato in posizione aperta e panoramica, al confine fra prato&hellip;\n                            <br>\n                <a href=\"https:\/\/www.masdelabolp.it\/de\/offerte\/una-vacanza-al-maso-bella-e-divertente\/\" target=\"_self\" class=\"\">Scopri l'offerta \u00bb<\/a>\n        \n        <\/div>        \n    <\/div>\n<\/div>                <\/div>    \n\n                            <div class=\"slick-slide carousel-item-1745\">\n                    <div class=\"post-style-2 rpc-bg rpc-box\">\n    <div class=\"wcp-img-wrap\">\n        <a href=\"https:\/\/www.masdelabolp.it\/de\/offerte\/in-trentino-tra-baite-e-rifugi-alpini\/\">\n            <div class=\"fixed-height-image\"><img loading=\"lazy\" decoding=\"async\" width=\"600\" height=\"410\" src=\"https:\/\/www.masdelabolp.it\/wp-content\/uploads\/2019\/01\/Rifugio-Dorigoni-Val-di-Rabbi-Trentino-1-600x410.jpg\" class=\"attachment-600x410 size-600x410 wp-post-image\" alt=\"\" srcset=\"https:\/\/www.masdelabolp.it\/wp-content\/uploads\/2019\/01\/Rifugio-Dorigoni-Val-di-Rabbi-Trentino-1-600x410.jpg 600w, https:\/\/www.masdelabolp.it\/wp-content\/uploads\/2019\/01\/Rifugio-Dorigoni-Val-di-Rabbi-Trentino-1-800x547.jpg 800w\" sizes=\"auto, (max-width: 600px) 100vw, 600px\" \/><\/div>        <\/a>\n    <\/div>\n    <div class=\"wcp-content-wrap\">\n        <h3>\n            <a class=\"rpc-title\" href=\"https:\/\/www.masdelabolp.it\/de\/offerte\/in-trentino-tra-baite-e-rifugi-alpini\/\" target=\"_self\" class=\"rpc-title\">\n                            <\/a>\n        <\/h3>\n                <div class=\"wcp-post-contents rpc-content\">\n\n            Una vacanza in Trentino soggiornando tra un rifugio alpino nel Parco Nazionale dello Stelvio ed una baita in Val di Rabbi. Trascorreremo le nostre giornate tra facili passeggiate naturalistiche, ascensioni&hellip;\n                            <br>\n                <a href=\"https:\/\/www.masdelabolp.it\/de\/offerte\/in-trentino-tra-baite-e-rifugi-alpini\/\" target=\"_self\" class=\"\">Scopri l'offerta \u00bb<\/a>\n        \n        <\/div>        \n    <\/div>\n<\/div>                <\/div>    \n\n                            <div class=\"slick-slide carousel-item-1740\">\n                    <div class=\"post-style-2 rpc-bg rpc-box\">\n    <div class=\"wcp-img-wrap\">\n        <a href=\"https:\/\/www.masdelabolp.it\/de\/offerte\/profumi-dautunno-al-mas-de-la-bolp\/\">\n            <div class=\"fixed-height-image\"><img loading=\"lazy\" decoding=\"async\" width=\"600\" height=\"410\" src=\"https:\/\/www.masdelabolp.it\/wp-content\/uploads\/2019\/04\/Mas-de-la-Bolp-Val-di-Rabbi-Trentino-46-600x410.jpg\" class=\"attachment-600x410 size-600x410 wp-post-image\" alt=\"\" srcset=\"https:\/\/www.masdelabolp.it\/wp-content\/uploads\/2019\/04\/Mas-de-la-Bolp-Val-di-Rabbi-Trentino-46-600x410.jpg 600w, https:\/\/www.masdelabolp.it\/wp-content\/uploads\/2019\/04\/Mas-de-la-Bolp-Val-di-Rabbi-Trentino-46-800x547.jpg 800w\" sizes=\"auto, (max-width: 600px) 100vw, 600px\" \/><\/div>        <\/a>\n    <\/div>\n    <div class=\"wcp-content-wrap\">\n        <h3>\n            <a class=\"rpc-title\" href=\"https:\/\/www.masdelabolp.it\/de\/offerte\/profumi-dautunno-al-mas-de-la-bolp\/\" target=\"_self\" class=\"rpc-title\">\n                            <\/a>\n        <\/h3>\n                <div class=\"wcp-post-contents rpc-content\">\n\n            ...anche in Trentino sta arrivando l'autunno con i suoi stupendi colori! Ti proponiamo un soggiorno al Mas de la Bolp (self-catering) incluso di biancheria da letto e bagno, wifi e&hellip;\n                            <br>\n                <a href=\"https:\/\/www.masdelabolp.it\/de\/offerte\/profumi-dautunno-al-mas-de-la-bolp\/\" target=\"_self\" class=\"\">Scopri l'offerta \u00bb<\/a>\n        \n        <\/div>        \n    <\/div>\n<\/div>                <\/div>    \n\n                            <div class=\"slick-slide carousel-item-1743\">\n                    <div class=\"post-style-2 rpc-bg rpc-box\">\n    <div class=\"wcp-img-wrap\">\n        <a href=\"https:\/\/www.masdelabolp.it\/de\/offerte\/il-bramito-del-cervo-nel-parco-nazionale-dello-stelvio\/\">\n            <div class=\"fixed-height-image\"><img loading=\"lazy\" decoding=\"async\" width=\"600\" height=\"410\" src=\"https:\/\/www.masdelabolp.it\/wp-content\/uploads\/2019\/04\/Cervo_Foto-di-Nicola-Angeli_Archivio-PNS-600x410.jpg\" class=\"attachment-600x410 size-600x410 wp-post-image\" alt=\"\" srcset=\"https:\/\/www.masdelabolp.it\/wp-content\/uploads\/2019\/04\/Cervo_Foto-di-Nicola-Angeli_Archivio-PNS-600x410.jpg 600w, https:\/\/www.masdelabolp.it\/wp-content\/uploads\/2019\/04\/Cervo_Foto-di-Nicola-Angeli_Archivio-PNS-800x547.jpg 800w\" sizes=\"auto, (max-width: 600px) 100vw, 600px\" \/><\/div>        <\/a>\n    <\/div>\n    <div class=\"wcp-content-wrap\">\n        <h3>\n            <a class=\"rpc-title\" href=\"https:\/\/www.masdelabolp.it\/de\/offerte\/il-bramito-del-cervo-nel-parco-nazionale-dello-stelvio\/\" target=\"_self\" class=\"rpc-title\">\n                            <\/a>\n        <\/h3>\n                <div class=\"wcp-post-contents rpc-content\">\n\n            Un week end d'autunno al Mas de la Bolp per assistere allo splendido rituale del corteggiamento del Cervo in amore nel Parco Nazionale dello Stelvio in Trentino - Val di&hellip;\n                            <br>\n                <a href=\"https:\/\/www.masdelabolp.it\/de\/offerte\/il-bramito-del-cervo-nel-parco-nazionale-dello-stelvio\/\" target=\"_self\" class=\"\">Scopri l'offerta \u00bb<\/a>\n        \n        <\/div>        \n    <\/div>\n<\/div>                <\/div>    \n\n                            <div class=\"slick-slide carousel-item-1738\">\n                    <div class=\"post-style-2 rpc-bg rpc-box\">\n    <div class=\"wcp-img-wrap\">\n        <a href=\"https:\/\/www.masdelabolp.it\/de\/offerte\/la-stua-del-mas-de-la-bolp-e-aperta\/\">\n            <div class=\"fixed-height-image\"><img loading=\"lazy\" decoding=\"async\" width=\"600\" height=\"410\" src=\"https:\/\/www.masdelabolp.it\/wp-content\/uploads\/2019\/04\/Mas-de-la-Bolp-Mountain-Chalet-Val-di-Rabbi-Trentino-11-600x410.jpg\" class=\"attachment-600x410 size-600x410 wp-post-image\" alt=\"\" srcset=\"https:\/\/www.masdelabolp.it\/wp-content\/uploads\/2019\/04\/Mas-de-la-Bolp-Mountain-Chalet-Val-di-Rabbi-Trentino-11-600x410.jpg 600w, https:\/\/www.masdelabolp.it\/wp-content\/uploads\/2019\/04\/Mas-de-la-Bolp-Mountain-Chalet-Val-di-Rabbi-Trentino-11-800x547.jpg 800w\" sizes=\"auto, (max-width: 600px) 100vw, 600px\" \/><\/div>        <\/a>\n    <\/div>\n    <div class=\"wcp-content-wrap\">\n        <h3>\n            <a class=\"rpc-title\" href=\"https:\/\/www.masdelabolp.it\/de\/offerte\/la-stua-del-mas-de-la-bolp-e-aperta\/\" target=\"_self\" class=\"rpc-title\">\n                            <\/a>\n        <\/h3>\n                <div class=\"wcp-post-contents rpc-content\">\n\n            \"La Stua\" del Mas de la Bolp, per gruppi o mini-gruppi, \u00e8 aperta ogni sera su prenotazione da ottobre a maggio, per merende dal sapore trentino al rientro dalle vostre&hellip;\n                            <br>\n                <a href=\"https:\/\/www.masdelabolp.it\/de\/offerte\/la-stua-del-mas-de-la-bolp-e-aperta\/\" target=\"_self\" class=\"\">Scopri l'offerta \u00bb<\/a>\n        \n        <\/div>        \n    <\/div>\n<\/div>                <\/div>    \n\n                            <div class=\"slick-slide carousel-item-1730\">\n                    <div class=\"post-style-2 rpc-bg rpc-box\">\n    <div class=\"wcp-img-wrap\">\n        <a href=\"https:\/\/www.masdelabolp.it\/de\/offerte\/speciale-freeski-al-mas-de-la-bolp\/\">\n            <div class=\"fixed-height-image\"><img loading=\"lazy\" decoding=\"async\" width=\"600\" height=\"410\" src=\"https:\/\/www.masdelabolp.it\/wp-content\/uploads\/2019\/04\/Mas-de-la-Bolp-funivia-Pejo-3000-in-inverno-600x410.jpg\" class=\"attachment-600x410 size-600x410 wp-post-image\" alt=\"\" srcset=\"https:\/\/www.masdelabolp.it\/wp-content\/uploads\/2019\/04\/Mas-de-la-Bolp-funivia-Pejo-3000-in-inverno-600x410.jpg 600w, https:\/\/www.masdelabolp.it\/wp-content\/uploads\/2019\/04\/Mas-de-la-Bolp-funivia-Pejo-3000-in-inverno-800x547.jpg 800w\" sizes=\"auto, (max-width: 600px) 100vw, 600px\" \/><\/div>        <\/a>\n    <\/div>\n    <div class=\"wcp-content-wrap\">\n        <h3>\n            <a class=\"rpc-title\" href=\"https:\/\/www.masdelabolp.it\/de\/offerte\/speciale-freeski-al-mas-de-la-bolp\/\" target=\"_self\" class=\"rpc-title\">\n                            <\/a>\n        <\/h3>\n                <div class=\"wcp-post-contents rpc-content\">\n\n            Richiedi le nostre settimane promozionali con skipass incluso per il prossimo inverno 2024 - 2025! La promozione include soggiorno al Mas de la Bolp (self-catering) incluso biancheria da letto e&hellip;\n                            <br>\n                <a href=\"https:\/\/www.masdelabolp.it\/de\/offerte\/speciale-freeski-al-mas-de-la-bolp\/\" target=\"_self\" class=\"\">Scopri l'offerta \u00bb<\/a>\n        \n        <\/div>        \n    <\/div>\n<\/div>                <\/div>    \n\n                            <div class=\"slick-slide carousel-item-1732\">\n                    <div class=\"post-style-2 rpc-bg rpc-box\">\n    <div class=\"wcp-img-wrap\">\n        <a href=\"https:\/\/www.masdelabolp.it\/de\/offerte\/speciale-iceclimber\/\">\n            <div class=\"fixed-height-image\"><img loading=\"lazy\" decoding=\"async\" width=\"600\" height=\"410\" src=\"https:\/\/www.masdelabolp.it\/wp-content\/uploads\/2019\/04\/Cascate-di-Valorzi-Mas-de-la-Bolp-Val-di-Rabbi-Trentino-600x410.jpg\" class=\"attachment-600x410 size-600x410 wp-post-image\" alt=\"\" srcset=\"https:\/\/www.masdelabolp.it\/wp-content\/uploads\/2019\/04\/Cascate-di-Valorzi-Mas-de-la-Bolp-Val-di-Rabbi-Trentino-600x410.jpg 600w, https:\/\/www.masdelabolp.it\/wp-content\/uploads\/2019\/04\/Cascate-di-Valorzi-Mas-de-la-Bolp-Val-di-Rabbi-Trentino-800x547.jpg 800w\" sizes=\"auto, (max-width: 600px) 100vw, 600px\" \/><\/div>        <\/a>\n    <\/div>\n    <div class=\"wcp-content-wrap\">\n        <h3>\n            <a class=\"rpc-title\" href=\"https:\/\/www.masdelabolp.it\/de\/offerte\/speciale-iceclimber\/\" target=\"_self\" class=\"rpc-title\">\n                            <\/a>\n        <\/h3>\n                <div class=\"wcp-post-contents rpc-content\">\n\n            Il Mas de la Bolp e\u0300 sotto l\u2019anfiteatro delle cascate di Valorz. Avvicinamento 20 minuti a piedi! Soggiorno al Mas de la Bolp (self-catering) incluso biancheria da letto e bagno,&hellip;\n                            <br>\n                <a href=\"https:\/\/www.masdelabolp.it\/de\/offerte\/speciale-iceclimber\/\" target=\"_self\" class=\"\">Scopri l'offerta \u00bb<\/a>\n        \n        <\/div>        \n    <\/div>\n<\/div>                <\/div>    \n\n                            <div class=\"slick-slide carousel-item-1750\">\n                    <div class=\"post-style-2 rpc-bg rpc-box\">\n    <div class=\"wcp-img-wrap\">\n        <a href=\"https:\/\/www.masdelabolp.it\/de\/offerte\/primavera-in-alta-quota-sci-autentico-per-tracce-eleganti-ed-effimere\/\">\n            <div class=\"fixed-height-image\"><img loading=\"lazy\" decoding=\"async\" width=\"600\" height=\"410\" src=\"https:\/\/www.masdelabolp.it\/wp-content\/uploads\/2019\/01\/Mas-de-la-Bolp-Mountain-chalet-Val-di-Rabbi-Trentino-5-600x410.jpg\" class=\"attachment-600x410 size-600x410 wp-post-image\" alt=\"\" srcset=\"https:\/\/www.masdelabolp.it\/wp-content\/uploads\/2019\/01\/Mas-de-la-Bolp-Mountain-chalet-Val-di-Rabbi-Trentino-5-600x410.jpg 600w, https:\/\/www.masdelabolp.it\/wp-content\/uploads\/2019\/01\/Mas-de-la-Bolp-Mountain-chalet-Val-di-Rabbi-Trentino-5-800x547.jpg 800w\" sizes=\"auto, (max-width: 600px) 100vw, 600px\" \/><\/div>        <\/a>\n    <\/div>\n    <div class=\"wcp-content-wrap\">\n        <h3>\n            <a class=\"rpc-title\" href=\"https:\/\/www.masdelabolp.it\/de\/offerte\/primavera-in-alta-quota-sci-autentico-per-tracce-eleganti-ed-effimere\/\" target=\"_self\" class=\"rpc-title\">\n                            <\/a>\n        <\/h3>\n                <div class=\"wcp-post-contents rpc-content\">\n\n            Alcuni giorni al Mas de la Bolp, in Trentino, per scoprire il mondo meraviglioso delle alte quote primaverili! Neve trasformata, giornate lunghe e temperature non troppo rigide per due fantastiche&hellip;\n                            <br>\n                <a href=\"https:\/\/www.masdelabolp.it\/de\/offerte\/primavera-in-alta-quota-sci-autentico-per-tracce-eleganti-ed-effimere\/\" target=\"_self\" class=\"\">Scopri l'offerta \u00bb<\/a>\n        \n        <\/div>        \n    <\/div>\n<\/div>                <\/div>    \n\n                            <div class=\"slick-slide carousel-item-1748\">\n                    <div class=\"post-style-2 rpc-bg rpc-box\">\n    <div class=\"wcp-img-wrap\">\n        <a href=\"https:\/\/www.masdelabolp.it\/de\/offerte\/week-end-di-primavera-al-maso\/\">\n            <div class=\"fixed-height-image\"><img loading=\"lazy\" decoding=\"async\" width=\"600\" height=\"410\" src=\"https:\/\/www.masdelabolp.it\/wp-content\/uploads\/2019\/01\/Mas-de-la-Bolp-Mountain-Chalet-Val-di-Rabbi-Trentino-30-1-600x410.jpg\" class=\"attachment-600x410 size-600x410 wp-post-image\" alt=\"\" srcset=\"https:\/\/www.masdelabolp.it\/wp-content\/uploads\/2019\/01\/Mas-de-la-Bolp-Mountain-Chalet-Val-di-Rabbi-Trentino-30-1-600x410.jpg 600w, https:\/\/www.masdelabolp.it\/wp-content\/uploads\/2019\/01\/Mas-de-la-Bolp-Mountain-Chalet-Val-di-Rabbi-Trentino-30-1-800x547.jpg 800w\" sizes=\"auto, (max-width: 600px) 100vw, 600px\" \/><\/div>        <\/a>\n    <\/div>\n    <div class=\"wcp-content-wrap\">\n        <h3>\n            <a class=\"rpc-title\" href=\"https:\/\/www.masdelabolp.it\/de\/offerte\/week-end-di-primavera-al-maso\/\" target=\"_self\" class=\"rpc-title\">\n                            <\/a>\n        <\/h3>\n                <div class=\"wcp-post-contents rpc-content\">\n\n            Un week end al Mas de la Bolp per vivere gli ambienti, i colori ed i sapori primaverili del Parco Nazionale dello Stelvio in Trentino! Il nostro Maso in Val&hellip;\n                            <br>\n                <a href=\"https:\/\/www.masdelabolp.it\/de\/offerte\/week-end-di-primavera-al-maso\/\" target=\"_self\" class=\"\">Scopri l'offerta \u00bb<\/a>\n        \n        <\/div>        \n    <\/div>\n<\/div>                <\/div>    \n\n                            <div class=\"slick-slide carousel-item-1742\">\n                    <div class=\"post-style-2 rpc-bg rpc-box\">\n    <div class=\"wcp-img-wrap\">\n        <a href=\"https:\/\/www.masdelabolp.it\/de\/offerte\/pomaria-in-trentino-per-la-festa-del-raccolto\/\">\n            <div class=\"fixed-height-image\"><img loading=\"lazy\" decoding=\"async\" width=\"600\" height=\"410\" src=\"https:\/\/www.masdelabolp.it\/wp-content\/uploads\/2019\/04\/pomaria-600x410.png\" class=\"attachment-600x410 size-600x410 wp-post-image\" alt=\"\" srcset=\"https:\/\/www.masdelabolp.it\/wp-content\/uploads\/2019\/04\/pomaria-600x410.png 600w, https:\/\/www.masdelabolp.it\/wp-content\/uploads\/2019\/04\/pomaria-800x547.png 800w\" sizes=\"auto, (max-width: 600px) 100vw, 600px\" \/><\/div>        <\/a>\n    <\/div>\n    <div class=\"wcp-content-wrap\">\n        <h3>\n            <a class=\"rpc-title\" href=\"https:\/\/www.masdelabolp.it\/de\/offerte\/pomaria-in-trentino-per-la-festa-del-raccolto\/\" target=\"_self\" class=\"rpc-title\">\n                            <\/a>\n        <\/h3>\n                <div class=\"wcp-post-contents rpc-content\">\n\n            Un week end d'autunno al Mas de la Bolp per assistere ad una grande manifestazione all\u2019insegna dell\u2019arte, della cultura, della gastronomia, della musica e della tradizione. Un evento alla scoperta&hellip;\n                            <br>\n                <a href=\"https:\/\/www.masdelabolp.it\/de\/offerte\/pomaria-in-trentino-per-la-festa-del-raccolto\/\" target=\"_self\" class=\"\">Scopri l'offerta \u00bb<\/a>\n        \n        <\/div>        \n    <\/div>\n<\/div>                <\/div>    \n\n                \n        <\/section>\n        <\/div>\n        <style>#carousel-57 .slick-prev:before, #carousel-57 .slick-next:before { color: #ffffff !important;}#carousel-57 .slick-slide { margin: 2px 20px; } #carousel-57 .rpc-title { color: ; } #carousel-57 .rpc-content { color: ; } #carousel-57 .rpc-date { background-color: ; } #carousel-57 .rpc-date { color: ; } #carousel-57 .rpc-overlay { background-color: ; } #carousel-57 .carousel-style9 { border-top-color: ; } #carousel-57 .carousel-style9 .button:before { background-color: ; } #carousel-57 .rpc-box { box-shadow: ; } #carousel-57 .rpc-bg { background-color: ; } #carousel-57 .rpc-title-bg { background-color: ; } #carousel-57 .rpc-box { border: 1px solid #e2e2e2; } #carousel-57 .fixed-height-image { height: ; } #carousel-57 .style4 { padding: 10px; } #carousel-57 .style6 { padding: 10px; } #carousel-57 .slick-next:before { content: '\\ \\f152 '; } #carousel-57 .slick-prev:before { content: '\\ \\f191'; }#carousel-57 .slick-next:before, #carousel-57 .slick-prev:before { background-color: #9d2a26; padding: 5px; } #carousel-57 .rpc-title { font-family: EB Garamond; } #carousel-57 .rpc-title { font-size: 24px; } #carousel-57 .rpc-content { font-family: Muli; } #carousel-57 .rpc-content { font-size: 15px; } <\/style>[\/vc_column_text][\/vc_column][\/vc_row]<\/p>\n<\/div>","protected":false},"excerpt":{"rendered":"<p>[vc_row][vc_column][vc_single_image image=&#8220;1021&#8243; img_size=&#8220;full&#8220; alignment=&#8220;center&#8220; style=&#8220;vc_box_shadow_3d&#8220; onclick=&#8220;link_image&#8220;][\/vc_column][\/vc_row][vc_row css=&#8220;.vc_custom_1547817466497{margin-top: 50px !important;margin-bottom: 50px !important;}&#8220;][vc_column width=&#8220;1\/3&#8243;][vc_column_text] Mas De La Bolp Mountain Chalet im Val di Rabbi [\/vc_column_text][\/vc_column][vc_column width=&#8220;2\/3&#8243;][vc_column_text]Das Mas de la Bolp ist unser Chalet im Val di Rabbi, in 1150 m H\u00f6he. Das Chalet befindet sich in einer offenen Panoramalage, am \u00dcbergang zwischen Wiesen und Wald. Das herrliche<\/p>\n","protected":false},"author":2,"featured_media":0,"parent":0,"menu_order":0,"comment_status":"closed","ping_status":"closed","template":"","meta":{"_seopress_robots_primary_cat":"","_seopress_titles_title":"","_seopress_titles_desc":"Das Chalet ist folgenderma\u00dfen strukturiert: Vierzimmerwohnung (6\/8 G\u00e4ste) und zwei Dreizimmerwohnung (4 G\u00e4ste) mit eigenen Eingang, W-Lan, TV, Sp\u00fclmaschine und Mikrowellenofen.","_seopress_robots_index":"","footnotes":""},"class_list":["post-967","page","type-page","status-publish","hentry"],"_links":{"self":[{"href":"https:\/\/www.masdelabolp.it\/de\/wp-json\/wp\/v2\/pages\/967","targetHints":{"allow":["GET"]}}],"collection":[{"href":"https:\/\/www.masdelabolp.it\/de\/wp-json\/wp\/v2\/pages"}],"about":[{"href":"https:\/\/www.masdelabolp.it\/de\/wp-json\/wp\/v2\/types\/page"}],"author":[{"embeddable":true,"href":"https:\/\/www.masdelabolp.it\/de\/wp-json\/wp\/v2\/users\/2"}],"replies":[{"embeddable":true,"href":"https:\/\/www.masdelabolp.it\/de\/wp-json\/wp\/v2\/comments?post=967"}],"version-history":[{"count":5,"href":"https:\/\/www.masdelabolp.it\/de\/wp-json\/wp\/v2\/pages\/967\/revisions"}],"predecessor-version":[{"id":2503,"href":"https:\/\/www.masdelabolp.it\/de\/wp-json\/wp\/v2\/pages\/967\/revisions\/2503"}],"wp:attachment":[{"href":"https:\/\/www.masdelabolp.it\/de\/wp-json\/wp\/v2\/media?parent=967"}],"curies":[{"name":"wp","href":"https:\/\/api.w.org\/{rel}","templated":true}]}}